{"id":46,"date":"2016-01-15T16:18:56","date_gmt":"2016-01-15T18:18:56","guid":{"rendered":"https:\/\/apublica.org\/tvsdaamazonia.new\/index.php\/o-anistiado-o-otimista-o-diretor-sem-dinheiro-e-os-meliantes\/"},"modified":"2022-05-23T13:40:49","modified_gmt":"2022-05-23T16:40:49","slug":"o-anistiado-o-otimista-o-diretor-sem-dinheiro-e-os-meliantes","status":"publish","type":"page","link":"https:\/\/apublica.org\/tvsdaamazonia\/o-anistiado-o-otimista-o-diretor-sem-dinheiro-e-os-meliantes\/","title":{"rendered":"O anistiado, o otimista, o diretor sem dinheiro e os meliantes"},"content":{"rendered":"\n<p>Um filho de agricultor que se tornou diretor de TV no Mato Grosso, um pol\u00edtico dos confins do Amazonas que n\u00e3o conseguiu se reeleger mesmo com o monop\u00f3lio da comunica\u00e7\u00e3o sobre assuntos locais, um taxista que conseguiu um segundo canal depois de envolvido no esc\u00e2ndalo da emenda da reelei\u00e7\u00e3o, um diretor de TV que investe em programas policiais porque meliantes n\u00e3o t\u00eam sal\u00e1rio. Abaixo, algumas hist\u00f3rias e personagens t\u00edpicos das miniemissoras da Amaz\u00f4nia Legal.<\/p>\n\n\n\n<h2 class=\"wp-block-heading\">A emissora do anistiado pol\u00edtico<\/h2>\n\n\n\n<div class=\"wp-block-image\"><figure class=\"alignright size-large is-resized\"><img loading=\"lazy\" decoding=\"async\" src=\"https:\/\/apublica.org\/tvsdaamazonia.new\/wp-content\/uploads\/site\/\/3\/mg-8588.jpg\" alt=\"Nazaire Cordovil Barbosa.\" class=\"wp-image-507\" width=\"348\" height=\"348\"\/><figcaption>Nazaire Cordovil Barbosa (Foto: Elvira Lobato).<\/figcaption><\/figure><\/div>\n\n\n\n<p>Aos 97 anos, Nazaire Cordovil Barbosa, ex-combatente da Marinha na Segunda Guerra Mundial, continua \u00e0 frente de uma pequena retransmissora de TV na aldeia do Abade, munic\u00edpio de Curu\u00e7\u00e1, no litoral paraense.<\/p>\n\n\n\n<p>Finda a guerra, aderiu ao Partido Comunista e ao movimento pela estatiza\u00e7\u00e3o do petr\u00f3leo \u2013 a campanha o Petr\u00f3leo \u00e9 Nosso\u2013; foi preso e passou \u00e0 reserva. Quando a Petrobras foi criada, foi contratado como t\u00e9cnico em manuten\u00e7\u00e3o. Ficou pouco tempo na estatal. No golpe militar, em 1964, perdeu os direitos pol\u00edticos e o emprego.<\/p>\n\n\n\n<p>Ap\u00f3s o per\u00edodo militar, Nazaire foi anistiado e readmitido na Petrobras. \u00c9 o associado mais antigo do Sindicato dos Petroleiros do Par\u00e1. Justiniano Prado de Carvalho, diretor do sindicato, cita a preocupa\u00e7\u00e3o com as quest\u00f5es sociais e a persist\u00eancia como as caracter\u00edsticas mais marcantes de Naz\u00e1rio.<\/p>\n\n\n\n<p>\u201cAt\u00e9 hoje ele mant\u00e9m uma escola para crian\u00e7as carentes na comunidade onde mora. Paga as professoras, os uniformes e o material escolar do pr\u00f3prio bolso, sem ajuda do governo\u201d, diz.<\/p>\n\n\n\n<p>As filhas de Nazaire n\u00e3o souberam informar como ele conseguiu a retransmissora. A portaria que lhe deu a outorga foi assinada pelo ex-ministro S\u00e9rgio Motta, em 1997. O canal retransmite a programa\u00e7\u00e3o do SBT e passa per\u00edodos fora do ar por falta de recursos.<\/p>\n\n\n\n<h2 class=\"wp-block-heading\">O apresentador que virou dono de TV<\/h2>\n\n\n\n<p>Hugo Tillmann \u00e9 um radialista conhecido no Sul do Par\u00e1. Ganhou fama como \u00e2ncora do jornal da TV Liberal em Altamira. Em janeiro de 2015, entrou para o clube dos radiodifusores ao se tornar dono de sua pr\u00f3pria TV, o canal 14 da cidade de Novo Repartimento.<\/p>\n\n\n\n<p>Tillmann diz que esperou dois anos pela outorga e, embora admita que a indica\u00e7\u00e3o pol\u00edtica ajuda na tramita\u00e7\u00e3o do pedido no minist\u00e9rio, sustenta que n\u00e3o teve padrinho. O canal est\u00e1 em nome da empresa Tillmann e Oliveira. Indagado sobre como conseguiu vencer os entraves burocr\u00e1ticos, ele respondeu: \u201c\u00c9 preciso contratar um bom engenheiro, que conhe\u00e7a os tr\u00e2mites no Minist\u00e9rio das Comunica\u00e7\u00f5es e na Anatel. E ir \u00e0 luta. Quem tem boca vai a Roma.\u201d<\/p>\n\n\n\n<p>Novo Repartimento tem 65 mil habitantes e est\u00e1 a 200 quil\u00f4metros de Marab\u00e1 e a 70 quil\u00f4metros de Tucuru\u00ed. \u00c9 uma cidade em crescimento econ\u00f4mico, que at\u00e9 ent\u00e3o n\u00e3o tinha nenhum programa local de TV. \u201cPercebi que tinha uma possibilidade de mercado. Havia dois canais de TV na cidade \u2013 o canal 13 da RedeVida e o canal 8, do SBT \u2013, mas nenhum gerava programa\u00e7\u00e3o local. E corri atr\u00e1s da oportunidade\u201d, afirmou Tillman.<\/p>\n\n\n\n<p>A emissora foi inaugurada em mar\u00e7o de 2015, retransmitindo a Record. Otimista, Tillmann diz que sua iniciativa despertou os concorrentes, que tamb\u00e9m come\u00e7aram a fazer programa\u00e7\u00e3o local.<\/p>\n\n\n\n<p>A Record d\u00e1 a ele duas janelas de tempo por dia para incluir sua produ\u00e7\u00e3o: das 12h \u00e0s 12h40 e das 18h \u00e0s 18h30. Aos domingos, ele tem uma hora \u00e0 sua disposi\u00e7\u00e3o: das 9h30 \u00e0s 10h30.<\/p>\n\n\n\n<p>O novo radiodifusor disse estar otimista com o futuro. Pretende manter sua TV com a venda de an\u00fancios locais. A rela\u00e7\u00e3o com a Record, disse ele, \u00e9 de parceria, e n\u00e3o envolve pagamento entre as duas partes. Indagado se tem planos de fazer carreira pol\u00edtica a partir da TV, ele respondeu que n\u00e3o, \u201cpor enquanto\u201d.<\/p>\n\n\n\n<center><h3>Enquanto isso, na televis\u00e3o<\/h3><\/center>\n\n\n\n<center><iframe loading=\"lazy\" src=\"https:\/\/www.facebook.com\/plugins\/video.php?href=https%3A%2F%2Fwww.facebook.com%2Fhugotillmannjunior.tillmann.9%2Fvideos%2F465184833658802%2F&amp;show_text=0&amp;width=560\" width=\"560\" height=\"420\" style=\"border:none;overflow:hidden\" scrolling=\"no\" frameborder=\"0\" allowtransparency=\"true\" allowfullscreen=\"true\"><\/iframe><\/center>\n\n\n\n<h2 class=\"wp-block-heading\">Dono de TV em Gurupi \u00e9 lojista e pol\u00edtico<\/h2>\n\n\n\n<p>Com 83 mil habitantes, a cidade de Gurupi, no sul do Tocantins, chama a aten\u00e7\u00e3o pela quantidade de canais de TV: uma geradora, afiliada da Globo, e sete retransmissoras, todas aptas legalmente a produzir conte\u00fado local.<\/p>\n\n\n\n<p>Silv\u00e9rio Maciel Filho \u00e9 o propriet\u00e1rio da SilTV, canal 19, e tamb\u00e9m presidente do diret\u00f3rio municipal do PDT. \u00c9 ainda dono da Sil Esportes, uma loja de material esportivo cujas vendas sua emissora ajuda a alavancar.<\/p>\n\n\n\n<p>Na TV, ele faz reportagens, apresenta o jornal local e vende espa\u00e7os publicit\u00e1rios ao com\u00e9rcio. Segundo disse, a venda de an\u00fancios mal d\u00e1 para cobrir os custos da emissora, que tem equipe min\u00fascula: um rep\u00f3rter, um cinegrafista, um estagi\u00e1rio e um editor, al\u00e9m do pr\u00f3prio Silv\u00e9rio, que cursou jornalismo depois de comprar a TV.<\/p>\n\n\n\n<p>O que o atraiu na radiodifus\u00e3o, disse, foi a paix\u00e3o pelo esporte. Antes de comprar a TV, ele arrendou hor\u00e1rio em uma outra emissora para fazer seu pr\u00f3prio programa esportivo.<\/p>\n\n\n\n<p>Em dezembro de 2002, quando o governo de Fernando Henrique Cardoso chegava ao final, o Minist\u00e9rio das Comunica\u00e7\u00f5es outorgou tr\u00eas canais de retransmiss\u00e3o \u00e0 empresa Macarena Telecomunica\u00e7\u00f5es em tr\u00eas cidades de Tocantins: o 19, de Gurupi, o 56, de Palmas, e o canal 6, de Araguacema.<\/p>\n\n\n\n<p>O empres\u00e1rio afirmou que comprou a Macarena em 2006, por interm\u00e9dio de um escrit\u00f3rio de advocacia, e que n\u00e3o sabe quem era o propriet\u00e1rio anterior. Seguindo uma pr\u00e1tica corriqueira na Amaz\u00f4nia, ele arrendou o canal de Palmas \u00e0 Igreja Adventista do S\u00e9timo Dia, para exibi\u00e7\u00e3o da programa\u00e7\u00e3o da Rede Novo Tempo. A emissora de Araguacema n\u00e3o havia entrado no ar at\u00e9 a realiza\u00e7\u00e3o da entrevista com Silv\u00e9rio, em julho de 2015. \u201cA cidade \u00e9 muito pequena e n\u00e3o oferece a menor possibilidade de uma emissora se sustentar com a venda de an\u00fancios\u201d, justificou ele.<\/p>\n\n\n\n<p>Por vias indiretas, a onda de arrendamento de canais a igrejas beneficiou duplamente o empres\u00e1rio. Al\u00e9m de faturar com o aluguel na capital, ele fez um upgrade na programa\u00e7\u00e3o em Gurupi: no final de junho de 2015, trocou a RedeTV pela Band, que, segundo diz, tem uma programa\u00e7\u00e3o mais atrativa. Isso foi poss\u00edvel porque a antiga afiliada da Band em Gurupi, a TV Girassol, arrendou o canal ao pastor Waldomiro, da Igreja Mundial do Poder de Deus.<\/p>\n\n\n\n<p>Perguntei a quem pertence a TV Girassol, e Silv\u00e9rio respondeu com uma evasiva: \u201cA gente nunca sabe direito. Sempre ouvi dizer que era do Eduardo Siqueira Campos\u201d, disse, referindo-se ao deputado estadual, ex-senador e ex-prefeito de Palmas.<\/p>\n\n\n\n<h2 class=\"wp-block-heading\">O meliante \u00e9 a estrela na TV de Cacoal<\/h2>\n\n\n\n<p>Com 90 mil habitantes, a cidade de Cacoal, em Rond\u00f4nia, tem cinco emissoras de televis\u00e3o com programa\u00e7\u00e3o local. Uma delas \u00e9 a TV Allamanda, canal 13, retransmissora do SBT.<\/p>\n\n\n\n<p>O programa de maior audi\u00eancia da emissora \u00e9 o Comando Policial, que, como o nome indica, privilegia a cobertura de crimes. Ele \u00e9 transmitido diariamente das 11h30 \u00e0s 13h45.<\/p>\n\n\n\n<figure class=\"wp-block-embed-youtube wp-block-embed is-type-video is-provider-youtube wp-embed-aspect-4-3 wp-has-aspect-ratio\"><div class=\"wp-block-embed__wrapper\">\n<div class=\"jetpack-video-wrapper\"><span class=\"embed-youtube\" style=\"text-align:center; display: block;\"><iframe loading=\"lazy\" class=\"youtube-player\" width=\"640\" height=\"360\" src=\"https:\/\/www.youtube.com\/embed\/kt0-Qrac2So?version=3&#038;rel=1&#038;showsearch=0&#038;showinfo=1&#038;iv_load_policy=1&#038;fs=1&#038;hl=pt-BR&#038;autohide=2&#038;wmode=transparent\" allowfullscreen=\"true\" style=\"border:0;\" sandbox=\"allow-scripts allow-same-origin allow-popups allow-presentation allow-popups-to-escape-sandbox\"><\/iframe><\/span><\/div>\n<\/div><\/figure>\n\n\n\n<p>Diretor da emissora h\u00e1 doze anos, Valdecir Lopes, 42, disse que n\u00e3o tem recursos financeiros nem m\u00e3o de obra qualificada para produzir programas culturais. Bem humorado, explicou a raz\u00e3o da abund\u00e2ncia dos programas policiais nas pequenas emissoras da Amaz\u00f4nia Legal: \u201cNo notici\u00e1rio policial o meliante \u00e9 a estrela. E ele n\u00e3o cobra para aparecer na TV. Se o apresentador \u00e9 bom questionador, tem boa desenvoltura e faro para a not\u00edcia, o programa est\u00e1 viabilizado.\u201d<\/p>\n\n\n\n<p>Al\u00e9m do Comando Policial, a TV tem um segundo notici\u00e1rio, o Allamanda Not\u00edcias, que vai ao ar das 18h15 \u00e0s 18h40. E aos domingos transmite a missa direto da catedral.<\/p>\n\n\n\n<p>Concorrente da Allamanda, a retransmissora da Record em Cacoal \u2013 TV Candel\u00e1ria, canal 46 \u2013 terceirizou a produ\u00e7\u00e3o de conte\u00fado. O Cidade em Destaque, que vai ao ar do meio-dia \u00e0s 13h40, \u00e9 produzido pelo publicit\u00e1rio Jen\u00e9zio Lima e transmitido simultaneamente por mais duas emissoras de cidades vizinhas: o canal 10 de Pimenta Bueno e o canal 8 de Espig\u00e3o do Oeste.<\/p>\n\n\n\n<p>Na contram\u00e3o do concorrente Valdecir Lopes, Jen\u00e9zio diz que o programa \u00e9 uma \u201crevista eletr\u00f4nica\u201d e que prefere o notici\u00e1rio \u201csoft\u201d. \u201cJamais mostro viol\u00eancia\u201d, diz.<\/p>\n\n\n\n<p>O programa foi exibido durante 14 anos pela KTV, afiliada da TV Cultura, pertencente ao ex-vice-prefeito de Cacoal Luiz Carlos Katatau. Para Jen\u00e9zio, a oportunidade de mudar de emissora surgiu com a implanta\u00e7\u00e3o do canal 46, afiliado da Record, que pertence ao ex-presidente da Assembleia Legislativa de Rond\u00f4nia Everton Leoni.<\/p>\n\n\n\n<p>Segundo o apresentador, a concorr\u00eancia entre emissoras de TV em Cacoal \u00e9 maior do que a existente na capital do estado, Porto Velho. \u201c\u00c9 algo meio doido, que n\u00e3o tem explica\u00e7\u00e3o.\u201d<\/p>\n\n\n\n<h2 class=\"wp-block-heading\">Quem \u00e9 o dono desta emissora?<\/h2>\n\n\n\n<p>Como muitos de seus conterr\u00e2neos, o paranaense Dirceu Zanatta, 40, deixou sua cidade de Ivaipor\u00e3 quando jovem em busca de novas oportunidades no Mato Grosso. Estabeleceu-se em Sorriso, um dos munic\u00edpios de maior produ\u00e7\u00e3o de soja do pa\u00eds. L\u00e1 entrou para a pol\u00edtica e se elegeu vereador pelo PMDB, em 2012. Em 2014, candidatou-se a deputado federal, mas n\u00e3o foi eleito.<\/p>\n\n\n\n<p>Tamb\u00e9m como tantos outros pol\u00edticos, Zanatta buscou ter sua pr\u00f3pria TV e arrendou o canal 6, afiliado do SBT. Entrevistado por telefone, ele disse que a emissora \u00e9 vi\u00e1vel economicamente porque Sorriso \u00e9 uma cidade pr\u00f3spera, de 80 mil habitantes.<\/p>\n\n\n\n<p>O canal est\u00e1 registrado em nome da empresa Teles Pires, mas o vereador disse n\u00e3o conhecer os nomes que aparecem como s\u00f3cios no sistema de informa\u00e7\u00f5es da Receita Federal: Ieso Bento Vasconcelos, Marta Machado Ramos e Harrison Ormond. Quando entrou no neg\u00f3cio, afirmou, a empresa j\u00e1 estava sob responsabilidade de outras pessoas. Zanatta disse que tem uma parceria com o propriet\u00e1rio da emissora, cujo nome n\u00e3o quis revelar.<\/p>\n\n\n\n<p>Perguntei se ele n\u00e3o considera as retransmissoras de TV inseguras do ponto de vista jur\u00eddico, j\u00e1 que n\u00e3o possuem concess\u00f5es como as geradoras. \u201cMinha seguran\u00e7a \u00e9 o contrato com o SBT\u201d, respondeu de pronto, demonstrando estar convencido de que tem um neg\u00f3cio garantido nas m\u00e3os. O contrato com o SBT \u00e9 renovado a cada tr\u00eas anos.<\/p>\n\n\n\n<p>Zanatta disse que tem uma rela\u00e7\u00e3o de parceria tanto com o SBT quanto com o propriet\u00e1rio da retransmissora. Com o primeiro, a rela\u00e7\u00e3o n\u00e3o envolve pagamento: \u201cTemos um hor\u00e1rio na grade de programa\u00e7\u00e3o para produ\u00e7\u00e3o de conte\u00fado local e a responsabilidade pela qualidade desse conte\u00fado \u00e9 nossa. J\u00e1 o dono da outorga do canal recebe uma parte do lucro do neg\u00f3cio.\u201d<\/p>\n\n\n\n<h2 class=\"wp-block-heading\">De provedor de internet a dono de TV<\/h2>\n\n\n\n<p>\u00c0 medida que a rede de banda larga das companhias telef\u00f4nicas se espalha pelo interior da Amaz\u00f4nia Legal, pequenos provedores de internet se veem obrigados a mudar de neg\u00f3cio. Foi o caso de Jean Carlos Rodrigues Pereira, empres\u00e1rio da cidade de Confresa, no norte do Mato Grosso.<\/p>\n\n\n\n<p>\u201cFui a primeira pessoa a oferecer internet na regi\u00e3o. Mas quando a Oi implantou o ADSL [tecnologia de banda larga], matou os provedores locais. Os que persistem enfrentam muitas dificuldades para ter link\u201d, explicou o empres\u00e1rio.<\/p>\n\n\n\n<p>Jean Carlos fez uma parceira com o grupo Gazeta, afiliado da Record no estado, e implantou o canal 12, que estava fora do ar. Investiu R$ 80 mil em equipamentos, segundo disse. O sinal da emissora cobre treze munic\u00edpios, num raio de 35 quil\u00f4metros. Com duas equipes de jornalismo e um total de nove funcion\u00e1rios, ele \u00e9 respons\u00e1vel pela cobertura jornal\u00edstica em toda sua \u00e1rea de cobertura. O jornal local tem 1 hora e 15 minutos de dura\u00e7\u00e3o e vai ao ar de segunda a sexta-feira.<\/p>\n\n\n\n<p>A TV Gazeta terceirizou a gest\u00e3o do canal pelo per\u00edodo de quinze anos. Jean Carlos diz que n\u00e3o se trata de arrendamento, porque ele n\u00e3o paga a Gazeta pelo uso do canal. \u201cTemos uma parceria em que eu tenho v\u00e1rias obriga\u00e7\u00f5es a cumprir. A principal delas \u00e9 manter o canal no ar. A outorga do canal pertence \u00e0 Gazeta e, se ficar fora do ar, ela estar\u00e1 sujeita a multa.\u201d<\/p>\n\n\n\n<p>A TV de Jean Carlos \u00e9 a \u00fanica existente em Confresa com produ\u00e7\u00e3o de conte\u00fado local. A TV Centro Am\u00e9rica, afiliada da Globo no estado, possui uma retransmissora na cidade, o canal 9, que apenas repete a programa\u00e7\u00e3o gerada na capital. Para o empres\u00e1rio, seria melhor se houvesse mais competidores gerando conte\u00fado, o que ajudaria a criar uma cultura no com\u00e9rcio local de investir em publicidade.<\/p>\n\n\n\n<h2 class=\"wp-block-heading\">Arrendada ap\u00f3s irritar o prefeito<\/h2>\n\n\n\n<p>Uma emissora de televis\u00e3o, mesmo pequena, \u00e9 uma arma pol\u00edtica de grosso calibre, como se viu em Barra do Bugres, um munic\u00edpio a 150 quil\u00f4metros de Cuiab\u00e1, em 2012.<\/p>\n\n\n\n<p>A cidade, de 30 mil habitantes, tem uma pequena retransmissora que produz conte\u00fado local: a TV Independ\u00eancia, canal 9, afiliada Record. \u00c9 administrada por um ex-presidente da C\u00e2mara municipal, Orlando Cardoso Chaves, apresentador do programa Tribuna do Povo.<\/p>\n\n\n\n<p>Sob o comando de Chaves, a emissora foi uma cr\u00edtica implac\u00e1vel da gest\u00e3o do ex-prefeito Wilson Oliveira, do PSD (2009-2012). Em rea\u00e7\u00e3o, ele apertou o pesco\u00e7o de uma rep\u00f3rter diante da c\u00e2mera ligada, causando protestos.<\/p>\n\n\n\n<p>Pouco depois, o assessor jur\u00eddico do ent\u00e3o prefeito arrendou a TV, o apresentador foi afastado e as cr\u00edticas \u00e0 prefeitura cessaram. Terminado o mandato do prefeito, Chaves reassumiu a emissora. Ele sustenta que faz jornalismo e que a TV fiscaliza o poder p\u00fablico.<\/p>\n\n\n\n<p>Em 2009, cinco empres\u00e1rios da cidade se juntaram para solicitar ao Minist\u00e9rio das Comunica\u00e7\u00f5es um outro canal de TV para a cidade, em nome da Associa\u00e7\u00e3o Metropolitana de Comunica\u00e7\u00e3o. \u00c0 frente do projeto est\u00e1 o ex-locutor de r\u00e1dio Odair Alves Lara. \u201cA cidade est\u00e1 mal servida de comunica\u00e7\u00e3o. Tem uma r\u00e1dio comunit\u00e1ria e uma TV que funcionam como instrumento pol\u00edtico. Fora isso, restam apenas os blogs\u201d, disse Odair.<\/p>\n\n\n\n<figure class=\"wp-block-embed-youtube wp-block-embed is-type-video is-provider-youtube wp-embed-aspect-4-3 wp-has-aspect-ratio\"><div class=\"wp-block-embed__wrapper\">\n<div class=\"jetpack-video-wrapper\"><span class=\"embed-youtube\" style=\"text-align:center; display: block;\"><iframe loading=\"lazy\" class=\"youtube-player\" width=\"640\" height=\"360\" src=\"https:\/\/www.youtube.com\/embed\/z_HAbZJZhg0?version=3&#038;rel=1&#038;showsearch=0&#038;showinfo=1&#038;iv_load_policy=1&#038;fs=1&#038;hl=pt-BR&#038;autohide=2&#038;start=31&#038;wmode=transparent\" allowfullscreen=\"true\" style=\"border:0;\" sandbox=\"allow-scripts allow-same-origin allow-popups allow-presentation allow-popups-to-escape-sandbox\"><\/iframe><\/span><\/div>\n<\/div><\/figure>\n\n\n\n<h2 class=\"wp-block-heading\">Filho de agricultores comanda TV em Col\u00edder<\/h2>\n\n\n\n<p>Filho de agricultores, Wesley Bras Tavares come\u00e7ou a trabalhar em televis\u00e3o ainda adolescente. Tinha 16 anos quando uma prima lhe arrumou emprego na TV Tropical, canal 13, afiliada do SBT em Colider, no Mato Grosso.<\/p>\n\n\n\n<p>De operador de m\u00e1ster \u2013 o computador que interrompe o sinal captado do sat\u00e9lite para incluir a programa\u00e7\u00e3o local \u2013, ele passou a cinegrafista, rep\u00f3rter e diretor da emissora. Assumiu a dire\u00e7\u00e3o em 2008, no lugar de Nilson Santos, ex-deputado estadual e atual prefeito de Colider pelo PMDB.<\/p>\n\n\n\n<p>A TV faz parte da rede de comunica\u00e7\u00e3o criada pelo ex-governador Silval Barbosa, tamb\u00e9m do PMDB. Wesley contou que o ex-governador montou a emissora, em 1998, mas sempre delegou a gest\u00e3o a terceiros.<\/p>\n\n\n\n<p>A TV se mant\u00e9m com a venda de publicidade. O faturamento mensal, segundo o diretor, \u00e9 de cerca de R$ 15 mil, para manter dez empregados. A prefeitura gasta R$ 1.500 com publicidade na TV, respondendo por 10% do faturamento.<\/p>\n\n\n\n<p>Perguntei a Wesley o que atrai os jovens para a profiss\u00e3o, tendo em vista que os sal\u00e1rios s\u00e3o baixos. Para ele, a perspectiva de construir uma carreira pol\u00edtica a partir da visibilidade dada pela TV \u00e9 um atrativo. \u201cTelevis\u00e3o \u00e9 um caminho muito bom para se construir uma carreira p\u00fablica. Quando o apresentador assume causas de interesse da popula\u00e7\u00e3o e cobra limpeza de ruas, conserto de estradas e atendimento de sa\u00fade, ele faz seu nome.\u201d<\/p>\n\n\n\n<p>A emissora produz tr\u00eas programas locais: um notici\u00e1rio policial di\u00e1rio, o Rep\u00f3rter em A\u00e7\u00e3o, no hor\u00e1rio do almo\u00e7o; um resumo do notici\u00e1rio no final da tarde, o Cidade Not\u00edcia, e um programa de variedade, aos s\u00e1bados, inspirado no Mais Voc\u00ea, de Ana Maria Braga.<\/p>\n\n\n\n<p>Wesley se disse preocupado com o futuro. At\u00e9 dezembro de 2018, a emissora ter\u00e1 de migrar do sistema anal\u00f3gico para o digital. A migra\u00e7\u00e3o custar\u00e1 R$ 200 mil, e ele n\u00e3o v\u00ea como bancar a despesa com o faturamento da TV. Se o propriet\u00e1rio Silval Barbosa n\u00e3o fizer o investimento, antev\u00ea que ter\u00e1 de buscar uma alternativa profissional.<\/p>\n\n\n\n<h2 class=\"wp-block-heading\">Uma pequena TV na Cabe\u00e7a do Cachorro<\/h2>\n\n\n\n<p>No interior do Estado do Amazonas n\u00e3o h\u00e1 retransmissoras de TV de empres\u00e1rios ou pol\u00edticos locais, que funcionem como unidades de neg\u00f3cio independentes. Todas as outorgas de retransmiss\u00e3o de TV pertencem \u00e0s redes geradoras. O fen\u00f4meno \u00e9 atribu\u00eddo ao isolamento dos munic\u00edpios e ao vazio demogr\u00e1fico. A exce\u00e7\u00e3o \u00e9 a TV Quirino, canal 10, de S\u00e3o Gabriel da Cachoeira, regi\u00e3o isolada na fronteira do Brasil com a Col\u00f4mbia e Venezuela, conhecida como Cabe\u00e7a do Cachorro.<\/p>\n\n\n\n<div class=\"wp-block-image size-full wp-image-593\"><figure class=\"aligncenter\"><img decoding=\"async\" src=\"https:\/\/apublica.org\/tvsdaamazonia.new\/wp-content\/uploads\/site\/\/3\/p1030051-2-adjusted.jpg\" alt=\"S\u00e3o Gabriel da Cachoeira.\" class=\"wp-image-593\"\/><figcaption>S\u00e3o Gabriel da Cachoeira (Foto: Natalia Viana \/ Ag\u00eancia P\u00fablica).<\/figcaption><\/figure><\/div>\n\n\n\n<p>A pequena retransmissora pertence a um pol\u00edtico: o ex-prefeito Raimundo Quirino Calixto, que ocupou o cargo em dois mandatos \u20131986 a 1988 e 2001 a 2014. Calixto disse que sempre foi pol\u00edtico e que a emissora n\u00e3o influenciou seu desempenho nas urnas. De fato, ele n\u00e3o se reelegeu em 2004 e foi novamente derrotado na elei\u00e7\u00e3o para prefeito em 2008, quando concorreu pelo PRP.<\/p>\n\n\n\n<p>Calixto conseguiu o canal em 1988, por portaria do ent\u00e3o ministro das Comunica\u00e7\u00f5es, Ant\u00f4nio Carlos Magalh\u00e3es. A TV est\u00e1 em franco decl\u00ednio, e n\u00e3o tem mais programa\u00e7\u00e3o local.<\/p>\n\n\n\n<p>No in\u00edcio, a TV retransmitia o SBT e tinha notici\u00e1rio pr\u00f3prio. O SBT n\u00e3o renovou o contrato, e Calixto passou a retransmitir o sinal da RedeTV. Por fim, em 2015, passou a veicular a programa\u00e7\u00e3o da Rede Vida, da Igreja Cat\u00f3lica, na qual inclui an\u00fancios locais.<\/p>\n\n\n\n<p>O ex-prefeito \u00e9 comerciante de produtos eletr\u00f4nicos e n\u00e3o depende financeiramente da receita da emissora. Mas a empresa tem valor econ\u00f4mico. Na campanha eleitoral de 2008, ele informou ao TSE que a TV valia R$ 90 mil.<\/p>\n\n\n\n<p>O vereador Jer\u00f4nimo Almeida Ferreira, do PTB, testemunhou que o ex-prefeito \u00e9 uma exce\u00e7\u00e3o \u00e0 regra de que pol\u00edticos usam meios de comunica\u00e7\u00e3o para atacar advers\u00e1rios e se promover. Para o vereador, a emissora se enfraqueceu por causa da prolifera\u00e7\u00e3o das antenas parab\u00f3licas. Como n\u00e3o existem outros canais na cidade, a popula\u00e7\u00e3o n\u00e3o se sente estimulada a colocar uma segunda antena para captar o sinal local. Ele pr\u00f3prio diz que n\u00e3o v\u00ea a TV Quirino h\u00e1 v\u00e1rios anos.<\/p>\n\n\n\n<h2 class=\"wp-block-heading\">TV nasceu de projeto de assentamento<\/h2>\n\n\n\n<p>Tucum\u00e3 \u00e9 um dos muitos munic\u00edpios do sul do Par\u00e1 que nasceram dos projetos de povoamento da Amaz\u00f4nia promovidos pelo regime militar. A agrovila foi implantada em 1981 e hoje \u00e9 uma cidade de 36 mil habitantes. Colonos chegavam em busca de terras e ficavam isolados, sem informa\u00e7\u00f5es do resto do pa\u00eds. Para romper o isolamento, criaram o Conselho Comunit\u00e1rio de Desenvolvimento de Tucum\u00e3 e pleitearam um canal de TV.<\/p>\n\n\n\n<p>Em 1988, o ent\u00e3o ministro Ant\u00f4nio Carlos Magalh\u00e3es autorizou duas retransmissoras para o conselho: o canal 12, em Tucum\u00e3, e o canal 4, em S\u00e3o F\u00e9lix do Xingu, ambos para retransmitir a TV Globo. O canal de Xingu est\u00e1 desativado h\u00e1 mais de dois anos.<br>No cadastro da Anatel, o canal 12 ainda consta como retransmissor da Globo, embora desde 2007 tenha migrado para a Record. A emissora est\u00e1 registrada em nome de um conselho comunit\u00e1rio, mas, na pr\u00e1tica, \u00e9 um canal particular do vereador Anivaldo Juli\u00e3o de Lima, do PV, presidente da C\u00e2mara Municipal de Tucum\u00e3 e membro do diret\u00f3rio nacional do Partido Verde.<\/p>\n\n\n\n<p>Conhecido como Anivaldo Savanas, o pol\u00edtico disse que a emissora deixou de produzir programa\u00e7\u00e3o local em 2013, por causa da crise econ\u00f4mica e do aumento da competi\u00e7\u00e3o pela publicidade. Segundo ele, criar conte\u00fado local custaria pelo menos R$ 10 mil por m\u00eas.<\/p>\n\n\n\n<p>Atualmente, h\u00e1 cinco retransmissoras na cidade \u2013 da Globo, Bandeirantes, SBT, Record e TV Mundial \u2013 e a competi\u00e7\u00e3o por an\u00fancios em Tucum\u00e3 \u00e9 acirrada. Nenhuma das cinco emissoras tem programa\u00e7\u00e3o pr\u00f3pria local. Savanas calcula que o bolo publicit\u00e1rio total de Tucum\u00e3, para r\u00e1dios e TVs, \u00e9 de R$ 50 mil por m\u00eas.<\/p>\n\n\n\n<p>Ele disse que a prefeitura n\u00e3o gasta com publicidade na TV e que sua emissora estaria proibida de assinar contrato com a prefeitura. \u201cA TV Caraj\u00e1s n\u00e3o pode ter contrato com a prefeitura porque sou vereador e estou impedido de prestar servi\u00e7o ao munic\u00edpio.\u201d<\/p>\n\n\n\n<p>Savanas est\u00e1 no terceiro mandato como vereador, e afirmou nunca ter usado a TV em seu benef\u00edcio pol\u00edtico.<\/p>\n\n\n\n<h2 class=\"wp-block-heading\">O taxista que ganhou duas TVs no Acre<\/h2>\n\n\n\n<p>Dizem que um raio n\u00e3o cai duas vezes no mesmo lugar. Para a sorte, por\u00e9m, n\u00e3o parece haver limite de coincid\u00eancia. Valcy de Souza Campos \u00e9 um homem de poucas palavras. E de muita \u201csorte\u201d. Ele foi contemplado com dois canais de retransmiss\u00e3o de TV em governos distintos, e para a mesma cidade: Senador Guiomard, na regi\u00e3o metropolitana de Rio Branco, capital do Acre.<\/p>\n\n\n\n<p>Ex-taxista, Valcy ficou nacionalmente conhecido em maio de 1997, no esc\u00e2ndalo sobre a compra de votos para a aprova\u00e7\u00e3o da emenda constitucional que permitiu a reelei\u00e7\u00e3o para presidente da Rep\u00fablica, governadores e prefeitos.<\/p>\n\n\n\n<p>O nome de Valcy apareceu por causa da divulga\u00e7\u00e3o de um telefonema em que o ent\u00e3o deputado Ronivon Santiago, do Acre, afirmava ter recebido o canal 40, em Senador Guiomard, do ent\u00e3o ministro das Comunica\u00e7\u00f5es, S\u00e9rgio Motta, em troca de seu voto pela reelei\u00e7\u00e3o.<\/p>\n\n\n\n<p>O canal havia sido outorgado \u00e0 empresa VN Imagem e Som, da qual Valcy, na \u00e9poca taxista, e sua mulher, Nilza Freitas, manicure, eram propriet\u00e1rios. Segundo reportagens publicadas no per\u00edodo, Valcy morava em uma casa emprestada pela sogra. A emissora, a TV Quinari, estava instalada num c\u00f4modo de seis metros quadrados, onde ele e dois ajudantes operavam os equipamentos para manter o canal no ar.<\/p>\n\n\n\n<p>Valcy negou ser laranja do deputado Ronivon, que acabou por perder o mandato. Passado o esc\u00e2ndalo, o ex-taxista voltou ao anonimato, e por uma d\u00e9cada e meia n\u00e3o se ouviu falar mais dele.<\/p>\n\n\n\n<p>Depois desse tempo, Valcy obteve uma outra retransmissora de TV em Senador Guiomard, o canal 25. A outorga foi dada \u00e0 empresa Rede Quinari de Comunica\u00e7\u00f5es, da qual Valcy tem 99% das quotas. A portaria de outorga do canal foi assinada em junho de 2010 pelo ent\u00e3o ministro das Comunica\u00e7\u00f5es, Jos\u00e9 Artur Filardi, do grupo pol\u00edtico do ex-senador H\u00e9lio Costa (PMDB), de Minas Gerais.<\/p>\n\n\n\n<p>Valcy j\u00e1 tinha passado o canal 40 adiante quando recebeu o segundo. Em maio de 2013, a imprensa do Acre noticiou que a Igreja Assembleia de Deus de Rio Branco comprara o canal 40 do ex-deputado federal J\u00fanior Bet\u00e3o, do PL, por R$ 1,5 milh\u00e3o, e que o dinheiro fora arrecadado entre os fi\u00e9is.<\/p>\n\n\n\n<p>Por telefone, <strong>Valcy de Souza Campos<\/strong> deu curtas explica\u00e7\u00f5es sobre os dois canais. <strong>Leia a entrevista<\/strong>:<\/p>\n\n\n\n<blockquote class=\"wp-block-quote is-layout-flow wp-block-quote-is-layout-flow\"><p><strong>O senhor vendeu o canal 40?<\/strong><br>Tive problemas e passei adiante.<\/p><p><strong>Problemas financeiros?<\/strong><br>Mais ou menos isso.<\/p><p><strong>O senhor vendeu para o ex-deputado federal Bet\u00e3o J\u00fanior?<\/strong><br>A gente passou para uma pessoa a\u00ed. Fiz uma besteira e gra\u00e7as a Deus consegui outra TV, que vai ser a minha aposentadoria.<\/p><p><strong>Saiu na internet que a TV foi revendida a uma igreja por R$ 1,5 milh\u00e3o.<\/strong><br>Tem essa fofoca.<\/p><p><strong>O senhor vendeu por menos?<\/strong><br>N\u00e3o quero comentar. Eu estava com problema e passei a TV adiante pra resolver.<\/p><p><strong>Para quem o senhor vendeu o canal 40?<\/strong><br>Faz tanto tempo que eu n\u00e3o me lembro.<\/p><p><strong>O senhor era taxista. Por que decidiu montar uma TV?<\/strong><br>Porque eu gosto. Fico feliz quando algu\u00e9m assiste \u00e0 minha TV.<\/p><p><strong>Como o senhor conseguiu o segundo canal? Foi com ajuda de algum pol\u00edtico?<\/strong><br>Eu n\u00e3o desisto f\u00e1cil das coisas. Sou brasileiro. Tenho o mesmo direito de ter uma TV que um gari ou o presidente da Rep\u00fablica. Eu montei um projeto e corri atr\u00e1s. Demorou quase dez anos para eu conseguir o segundo canal.<\/p><p><strong>O senhor foi a Bras\u00edlia para isso?<\/strong><br>O processo de retransmissora \u00e9 t\u00e9cnico. Padrinho pol\u00edtico funciona, mas tamb\u00e9m funciona a for\u00e7a da gente. Telefono, mando e-mail e memorando.<\/p><p><strong>Quando vale uma retransmissora de TV em Senador Guiomard?<\/strong><br>A minha n\u00e3o tem pre\u00e7o. Vai ficar para os meus filhos e netos.<\/p><\/blockquote>\n","protected":false},"excerpt":{"rendered":"<p>Um filho de agricultor que se tornou diretor de TV no Mato Grosso, um pol\u00edtico dos confins do Amazonas que n\u00e3o conseguiu se reeleger mesmo com o monop\u00f3lio da comunica\u00e7\u00e3o sobre assuntos locais, um taxista que conseguiu um segundo canal depois de envolvido no esc\u00e2ndalo da emenda da reelei\u00e7\u00e3o, um diretor de TV que investe [&hellip;]<\/p>\n","protected":false},"author":2,"featured_media":0,"parent":0,"menu_order":65,"comment_status":"closed","ping_status":"closed","template":"","meta":{"_acf_changed":false,"footnotes":""},"coauthors":[3],"class_list":["post-46","page","type-page","status-publish","hentry"],"acf":[],"jetpack_sharing_enabled":true,"_links":{"self":[{"href":"https:\/\/apublica.org\/tvsdaamazonia\/wp-json\/wp\/v2\/pages\/46","targetHints":{"allow":["GET"]}}],"collection":[{"href":"https:\/\/apublica.org\/tvsdaamazonia\/wp-json\/wp\/v2\/pages"}],"about":[{"href":"https:\/\/apublica.org\/tvsdaamazonia\/wp-json\/wp\/v2\/types\/page"}],"author":[{"embeddable":true,"href":"https:\/\/apublica.org\/tvsdaamazonia\/wp-json\/wp\/v2\/users\/2"}],"replies":[{"embeddable":true,"href":"https:\/\/apublica.org\/tvsdaamazonia\/wp-json\/wp\/v2\/comments?post=46"}],"version-history":[{"count":1,"href":"https:\/\/apublica.org\/tvsdaamazonia\/wp-json\/wp\/v2\/pages\/46\/revisions"}],"predecessor-version":[{"id":165,"href":"https:\/\/apublica.org\/tvsdaamazonia\/wp-json\/wp\/v2\/pages\/46\/revisions\/165"}],"wp:attachment":[{"href":"https:\/\/apublica.org\/tvsdaamazonia\/wp-json\/wp\/v2\/media?parent=46"}],"wp:term":[{"taxonomy":"author","embeddable":true,"href":"https:\/\/apublica.org\/tvsdaamazonia\/wp-json\/wp\/v2\/coauthors?post=46"}],"curies":[{"name":"wp","href":"https:\/\/api.w.org\/{rel}","templated":true}]}}