{"id":61,"date":"2016-01-15T17:19:12","date_gmt":"2016-01-15T19:19:12","guid":{"rendered":"https:\/\/apublica.org\/tvsdaamazonia.new\/index.php\/rosario\/"},"modified":"2022-05-23T13:40:47","modified_gmt":"2022-05-23T16:40:47","slug":"rosario","status":"publish","type":"page","link":"https:\/\/apublica.org\/tvsdaamazonia\/rosario\/","title":{"rendered":"Ros\u00e1rio"},"content":{"rendered":"<p>Situada na margem do Rio Itapecuru, a 70 Km de S\u00e3o Lu\u00eds, Ros\u00e1rio \u00e9 a quarta cidade mais antiga do estado do Maranh\u00e3o, tendo sido fundada em 1620. Duas coisas atraem a aten\u00e7\u00e3o de quem a visita: os pr\u00e9dios hist\u00f3ricos que ainda restam e o com\u00e9rcio ao ar livre de peixes rec\u00e9m-tirados do rio. Ros\u00e1rio tem 40 mil habitantes.<\/p>\n<p>A poucos metros da prefeitura, numa velha casa colonial de fachada rosa, funcionam a televis\u00e3o e a r\u00e1dio comunit\u00e1ria da ex-vereadora Maria da Gra\u00e7a Botentuit (PV).<\/p>\n<p>Amiga de longa data da fam\u00edlia Sarney, ela \u00e9 a principal lideran\u00e7a pol\u00edtica de Ros\u00e1rio. Foi vereadora por 20 anos consecutivos e diz que se dobrar a resist\u00eancia do marido, sair\u00e1 candidata a prefeita em 2016.<\/p>\n<p>Gra\u00e7a \u00e9 presidente do diret\u00f3rio municipal do PV, mas, na pr\u00e1tica, controla mais tr\u00eas siglas, pois, segundo admite, \u00e9 ela quem indica os presidentes dos diret\u00f3rios locais do PP, do PSL e do PRB.<\/p>\n<p>Foi Jos\u00e9 Sarney Filho quem viabilizou a outorga do canal 13 pelo Minist\u00e9rio das Comunica\u00e7\u00f5es, em 2001. Na \u00e9poca, ele era ministro do Meio Ambiente. A licen\u00e7a do canal est\u00e1 em nome da empresa Sistema Rosariense de Comunica\u00e7\u00e3o, que retransmite a RedeTV.<\/p>\n<p>H\u00e1 outra retransmissora outorgada na cidade, o canal 7 (TV Difusora, afiliada do SBT), mas est\u00e1 h\u00e1 v\u00e1rios anos fora do ar. Segundo Gra\u00e7a, a fam\u00edlia Lob\u00e3o, propriet\u00e1ria da Difusora, oferece o canal aos prefeitos, em arrendamento, mas poucos se disp\u00f5em a pagar pelo sinal.<\/p>\n<p>O canal 13 \u00e9 dirigido por Jos\u00e9 Faria J\u00fanior, de 44 anos, fiel escudeiro de Gra\u00e7a Botentuit. Ele conduz a pequena emissora desde sua funda\u00e7\u00e3o, com uma equipe min\u00fascula.<\/p>\n<p>Faria J\u00fanior e um cinegrafista apuram as reportagens para o principal programa da emissora, o \u201cRos\u00e1rio em Revista\u201d. Um produtor e o apresentador completam o time. Os sal\u00e1rios variam de R$ 1 mil a $ 1.200, que saem de comiss\u00f5es sobre a venda de an\u00fancios. \u201cO jornalista tem que correr atr\u00e1s do sal\u00e1rio dele\u201d, diz o diretor.<\/p>\n<p>Al\u00e9m do notici\u00e1rio, a emissora tem um programa de videoclipes \u2013 o \u201cOnda Clipe\u201d\u2013, um programa de tem\u00e1tica rural e arrenda hor\u00e1rio para o programa evang\u00e9lico local \u201cManancial da Vida\u201d.<\/p>\n<h2>Ajuda de Roseana<\/h2>\n<p>Quando a fam\u00edlia Sarney e seus aliados est\u00e3o no governo do Maranh\u00e3o, a emissora de Gra\u00e7a Botentuit recebe ajuda do estado. Mas quando a oposi\u00e7\u00e3o governa, ela enfrenta uma \u201cmar\u00e9 baixa\u201d, como a atual, sob a gest\u00e3o de Fl\u00e1vio Dino, do PC do B.<\/p>\n<p>Ela conta que esteve na secretaria Secretaria de Comunica\u00e7\u00e3o em busca de ajuda financeira para a retransmissora e para a r\u00e1dio comunit\u00e1ria, e recebeu um n\u00e3o como resposta. O estado alegou n\u00e3o ter recursos.\u00a0\u201cN\u00e3o tive apoio porque sou amiga do Sarney. Dizem que est\u00e3o sem dinheiro, mas n\u00e3o passa de desculpa. Eu vou levando&#8230;\u201d, disse.<\/p>\n<p>A TV, segundo Gra\u00e7a Botentuit, tem despesa mensal de R$ 8.500 e se mant\u00e9m com a contribui\u00e7\u00e3o de aliados pol\u00edticos locais, com alguns an\u00fancios e com dinheiro que ela, m\u00e9dica veterin\u00e1ria, diz tirar do pr\u00f3prio bolso. O marido \u00e9 procurador federal.<\/p>\n<p>De abril de 2009 a dezembro de 2014, quando Roseana Sarney era governadora, a emissora estava em fase de mar\u00e9 alta. Um jornalista contratado pelo estado ia a Ros\u00e1rio tr\u00eas vezes na semana para produzir reportagens. O estado bancava os gastos com combust\u00edvel e a alimenta\u00e7\u00e3o do profissional.<\/p>\n<p>Al\u00e9m disso, jornalistas da capital treinavam jovens rep\u00f3rteres, editores e cinegrafistas, que, depois de algum tempo, segundo Faria Junior, \u201cganharam asas\u201d e partiram em busca de melhores oportunidades.<\/p>\n<p>Ao longo da hist\u00f3ria da retransmissora, houve v\u00e1rios momentos em que a produ\u00e7\u00e3o de conte\u00fado local esteve interrompida, e ela se limitava a repetir a programa\u00e7\u00e3o da RedeTV, \u201ccom uma materiazinha aqui e outra acol\u00e1\u201d, segundo Faria J\u00fanior.<\/p>\n<h2>\u201cAnti-m\u00eddia\u2019\u2019<\/h2>\n<p>Questionado se h\u00e1 imparcialidade no notici\u00e1rio durante os per\u00edodos de campanha eleitoral, Faria J\u00fanior diz que \u2018\u2019em cidade pequena, com grupos pol\u00edticos enraizados e muitos conchavos, \u00e9 dif\u00edcil ser totalmente imparcial\u201d.<\/p>\n<p>Gra\u00e7a Botentuit sustenta que n\u00e3o usa a r\u00e1dio e a televis\u00e3o em seu favor nas campanhas eleitorais e diz que n\u00e3o gosta de m\u00eddia.\u00a0E\u00a0arremata: \u201cSou anti-m\u00eddia. Montei as emissoras porque me pediram muito\u201d.<\/p>\n","protected":false},"excerpt":{"rendered":"<p>Situada na margem do Rio Itapecuru, a 70 Km de S\u00e3o Lu\u00eds, Ros\u00e1rio \u00e9 a quarta cidade mais antiga do Estado do Maranh\u00e3o, tendo sido fundada em 1620. Duas coisas atraem a aten\u00e7\u00e3o de quem a visita: os pr\u00e9dios hist\u00f3ricos que ainda restam, e o com\u00e9rcio ao ar livre de peixes rec\u00e9m-tirados do rio. Ros\u00e1rio tem 40 mil habitantes.<\/p>\n","protected":false},"author":2,"featured_media":62,"parent":0,"menu_order":36,"comment_status":"closed","ping_status":"closed","template":"","meta":{"_acf_changed":false,"footnotes":""},"coauthors":[3],"class_list":["post-61","page","type-page","status-publish","has-post-thumbnail","hentry"],"acf":[],"jetpack_sharing_enabled":true,"_links":{"self":[{"href":"https:\/\/apublica.org\/tvsdaamazonia\/wp-json\/wp\/v2\/pages\/61","targetHints":{"allow":["GET"]}}],"collection":[{"href":"https:\/\/apublica.org\/tvsdaamazonia\/wp-json\/wp\/v2\/pages"}],"about":[{"href":"https:\/\/apublica.org\/tvsdaamazonia\/wp-json\/wp\/v2\/types\/page"}],"author":[{"embeddable":true,"href":"https:\/\/apublica.org\/tvsdaamazonia\/wp-json\/wp\/v2\/users\/2"}],"replies":[{"embeddable":true,"href":"https:\/\/apublica.org\/tvsdaamazonia\/wp-json\/wp\/v2\/comments?post=61"}],"version-history":[{"count":1,"href":"https:\/\/apublica.org\/tvsdaamazonia\/wp-json\/wp\/v2\/pages\/61\/revisions"}],"predecessor-version":[{"id":153,"href":"https:\/\/apublica.org\/tvsdaamazonia\/wp-json\/wp\/v2\/pages\/61\/revisions\/153"}],"wp:featuredmedia":[{"embeddable":true,"href":"https:\/\/apublica.org\/tvsdaamazonia\/wp-json\/wp\/v2\/media\/62"}],"wp:attachment":[{"href":"https:\/\/apublica.org\/tvsdaamazonia\/wp-json\/wp\/v2\/media?parent=61"}],"wp:term":[{"taxonomy":"author","embeddable":true,"href":"https:\/\/apublica.org\/tvsdaamazonia\/wp-json\/wp\/v2\/coauthors?post=61"}],"curies":[{"name":"wp","href":"https:\/\/api.w.org\/{rel}","templated":true}]}}